{"id":340,"date":"2010-10-01T17:05:51","date_gmt":"2010-10-01T16:05:51","guid":{"rendered":"http:\/\/www.theadubelaar.nl\/weblog\/?page_id=340"},"modified":"2016-12-15T21:00:24","modified_gmt":"2016-12-15T20:00:24","slug":"shop","status":"publish","type":"page","link":"http:\/\/www.theadubelaar.nl\/weblog\/?page_id=340","title":{"rendered":"Francais"},"content":{"rendered":"<p><img loading=\"lazy\" src=\"http:\/\/www.theadubelaar.nl\/weblog\/wp-content\/uploads\/2010\/10\/P1010051-kopie-kopie-280x300.jpg\" alt=\"P1010051 - kopie - kopie\" title=\"P1010051 - kopie - kopie\" width=\"280\" height=\"300\" class=\"alignleft size-medium wp-image-1259\" srcset=\"http:\/\/www.theadubelaar.nl\/weblog\/wp-content\/uploads\/2010\/10\/P1010051-kopie-kopie-280x300.jpg 280w, http:\/\/www.theadubelaar.nl\/weblog\/wp-content\/uploads\/2010\/10\/P1010051-kopie-kopie-958x1024.jpg 958w, http:\/\/www.theadubelaar.nl\/weblog\/wp-content\/uploads\/2010\/10\/P1010051-kopie-kopie.jpg 1221w\" sizes=\"(max-width: 280px) 100vw, 280px\" \/> <strong>Bienvenue chez <em>Thea Dubelaar Balzamont<\/em><\/strong><br \/>\n<div id=\"attachment_1668\" style=\"width: 206px\" class=\"wp-caption alignright\"><img aria-describedby=\"caption-attachment-1668\" loading=\"lazy\" src=\"http:\/\/www.theadubelaar.nl\/weblog\/wp-content\/uploads\/2010\/10\/fotos-2016-dec-tel-port-1377-196x300.jpg\" alt=\"Odelkis, Thea et Allen\" title=\"foto&#039;s 2016 dec tel port 1377\" width=\"196\" height=\"300\" class=\"size-medium wp-image-1668\" srcset=\"http:\/\/www.theadubelaar.nl\/weblog\/wp-content\/uploads\/2010\/10\/fotos-2016-dec-tel-port-1377-196x300.jpg 196w, http:\/\/www.theadubelaar.nl\/weblog\/wp-content\/uploads\/2010\/10\/fotos-2016-dec-tel-port-1377-672x1024.jpg 672w, http:\/\/www.theadubelaar.nl\/weblog\/wp-content\/uploads\/2010\/10\/fotos-2016-dec-tel-port-1377.jpg 673w\" sizes=\"(max-width: 196px) 100vw, 196px\" \/><p id=\"caption-attachment-1668\" class=\"wp-caption-text\">Odelkis, Thea et Allen<\/p><\/div><br \/>\n*************************************<br \/>\n<img loading=\"lazy\" src=\"http:\/\/www.theadubelaar.nl\/weblog\/wp-content\/uploads\/2010\/10\/20160229_141240-kopie11.jpg\" alt=\"20160229_141240-kopie1[1]\" title=\"20160229_141240-kopie1[1]\" width=\"1024\" height=\"576\" class=\"alignright size-full wp-image-1418\" srcset=\"http:\/\/www.theadubelaar.nl\/weblog\/wp-content\/uploads\/2010\/10\/20160229_141240-kopie11.jpg 1024w, http:\/\/www.theadubelaar.nl\/weblog\/wp-content\/uploads\/2010\/10\/20160229_141240-kopie11-300x168.jpg 300w\" sizes=\"(max-width: 1024px) 100vw, 1024px\" \/><br \/>\n***<br \/>\n<strong>Thea \u00e0 Saint Martin<\/strong>.<br \/>\n<img loading=\"lazy\" src=\"http:\/\/www.theadubelaar.nl\/weblog\/wp-content\/uploads\/2010\/10\/IMG_4061-kopie-210x300.jpg\" alt=\"IMG_4061 - kopie\" title=\"IMG_4061 - kopie\" width=\"210\" height=\"300\" class=\"alignright size-medium wp-image-1423\" srcset=\"http:\/\/www.theadubelaar.nl\/weblog\/wp-content\/uploads\/2010\/10\/IMG_4061-kopie-210x300.jpg 210w, http:\/\/www.theadubelaar.nl\/weblog\/wp-content\/uploads\/2010\/10\/IMG_4061-kopie-717x1024.jpg 717w\" sizes=\"(max-width: 210px) 100vw, 210px\" \/>Tous les enfants que j&#8217;ai rencontr\u00e9 \u00e0 Quartier Orl\u00e9ans, Marigot et Sandyground sont vraiment SUPER.<br \/>\nEt les instituteurs sont extraordinaires aussi.<br \/>\nBref, j&#8217;ai vraiment aim\u00e9 d&#8217;\u00eatre avec vous tous pour partager des bons moments de lecture et d&#8217;\u00e9change.<br \/>\nA bient\u00f4t j&#8217;esp\u00e8re .<br \/>\nA l&#8217;\u00e9cole Fernande Bonchamps \u00e0 Pointe \u00e0 Pitre nous nous sommes bien amus\u00e9es aussi comme le montre la photo.<br \/>\n**************************************<\/p>\n<p>La semaine prochaine j\u2019irai visit\u00e9 des \u00e9coles Guadeloup\u00e9ennes et St Martinoises<br \/>\n&#8211; 24 f\u00e9vrier 2016 Ecole Luce Joseph  \u00e0 Gourbeyre<br \/>\n&#8211; 26 f\u00e9vrier 2016 Ecole El\u00e9mentaire Fernande Bonchamps \u00e0 l\u2019Assainissement Pointe \u00e0 Pitre<br \/>\n&#8211; 29 f\u00e9vrier  j\u2019arrive \u00e0 Grande Case le matin<br \/>\n&#8211; 2 mars je repars \u00e0 la fin de la journ\u00e9e vers Pointe Noire Guadeloupe <\/p>\n<p><img loading=\"lazy\" src=\"http:\/\/www.theadubelaar.nl\/weblog\/wp-content\/uploads\/2015\/10\/P1010308-kopie-226x300.jpg\" alt=\"P1010308 - kopie\" title=\"P1010308 - kopie\" width=\"226\" height=\"300\" class=\"alignleft size-medium wp-image-1378\" srcset=\"http:\/\/www.theadubelaar.nl\/weblog\/wp-content\/uploads\/2015\/10\/P1010308-kopie-226x300.jpg 226w, http:\/\/www.theadubelaar.nl\/weblog\/wp-content\/uploads\/2015\/10\/P1010308-kopie-773x1024.jpg 773w, http:\/\/www.theadubelaar.nl\/weblog\/wp-content\/uploads\/2015\/10\/P1010308-kopie.JPG 1450w\" sizes=\"(max-width: 226px) 100vw, 226px\" \/>LUDWIG EST ARRIV\u00c9.<br \/>\n Le copain \u00e0 Benny a maintenant son histoire \u00e0 lui. Aujourd\u2019hui j\u2019ai re\u00e7u le livre \u2018Ludwig et le g\u00e9ant\u2019 \u00e9dit\u00e9 par les Editions Jasor \u00e0 Pointe \u00e0 Pitre, Guadeloupe.<br \/>\nBon vent Ludwig.  J\u2019esp\u00e8re que tu seras autant aim\u00e9 que Benny et Socrate le petit lapin noir.<\/p>\n<p>Ludwig est un petit gar\u00e7on entour\u00e9 de ses parents, de ses s\u0153urs et de son meilleur ami Benny, le h\u00e9ros de Socrate le petit lapin noir.<br \/>\nIl grandit, baignant dans un bonheur tranquille auquel il est tr\u00e8s attach\u00e9. Mais au d\u00e9tour d\u2019une aventure, l\u2019extraordinaire surgit : le petit gar\u00e7on voit un g\u00e9ant.<br \/>\nIl fait tout pour ne pas lui donner trop d\u2019importance. Toutefois, ses proches, intrigu\u00e9s par son incroyable secret, l\u2019obligeront \u00e0 faire face et \u00e0 ne pas fuir devant ce qu\u2019il voudrait n\u2019avoir jamais vu !<\/p>\n<p>Ce livre mignon ne coute que 7,50 \u20ac et peut \u00eatre acheter chez<a href=\"http:\/\/editionsjasor.com\/produit\/ludwig-et-le-geant-2\/\"> Jasor<br \/>\n<\/a>  <img loading=\"lazy\" src=\"http:\/\/www.theadubelaar.nl\/weblog\/wp-content\/uploads\/2015\/10\/P1010305-kopie-222x300.jpg\" alt=\"P1010305 - kopie\" title=\"P1010305 - kopie\" width=\"222\" height=\"300\" class=\"alignright size-medium wp-image-1384\" srcset=\"http:\/\/www.theadubelaar.nl\/weblog\/wp-content\/uploads\/2015\/10\/P1010305-kopie-222x300.jpg 222w, http:\/\/www.theadubelaar.nl\/weblog\/wp-content\/uploads\/2015\/10\/P1010305-kopie-758x1024.jpg 758w, http:\/\/www.theadubelaar.nl\/weblog\/wp-content\/uploads\/2015\/10\/P1010305-kopie.JPG 1437w\" sizes=\"(max-width: 222px) 100vw, 222px\" \/><br \/>\nPour  cette histoire je me suis inspir\u00e9 de ce que m&#8217;ont racont\u00e9 plusieurs personnes de Pointe Noire et de ce qu&#8217;a v\u00e9cu mon mari quand il \u00e9tait encore &#8216;on ti moun&#8217;  \u00e0 Pointe \u00e0 Pitre.<img loading=\"lazy\" src=\"http:\/\/www.theadubelaar.nl\/weblog\/wp-content\/uploads\/2010\/10\/P1013559-300x225.jpg\" alt=\"P1013559\" title=\"P1013559\" width=\"300\" height=\"225\" class=\"alignleft size-medium wp-image-1407\" srcset=\"http:\/\/www.theadubelaar.nl\/weblog\/wp-content\/uploads\/2010\/10\/P1013559-300x225.jpg 300w, http:\/\/www.theadubelaar.nl\/weblog\/wp-content\/uploads\/2010\/10\/P1013559-1024x768.jpg 1024w\" sizes=\"(max-width: 300px) 100vw, 300px\" \/><\/p>\n<p>*****<\/p>\n<p>Depuis 1978 l\u2019auteur Thea Dubelaar \u00e0 \u00e9crit 60 livres en N\u00e9erlandais dont plusieurs sont traduit en Anglais, Allemand, Afrikaner, Danois et Su\u00e9dois. Un seul titre \u2018Jamais deux sans trois\u2019 est traduit en Fran\u00e7ais.<\/p>\n<p> Il y a quelques ann\u00e9es Thea a \u00e9crit le livre \u2018Socrate le petit lapin noir\u2019 \u00e9dit\u00e9 par les \u00e9ditions Jasor. Bient\u00f4t il y aura un nouveau roman en Fran\u00e7ais : \u2018Ludwig et le g\u00e9ant\u2019. Cette histoire se passe comme \u2018Socrate\u2019 \u00e0 la Guadeloupe et plus pr\u00e9cis\u00e9ment dans les environs de Pointe Noire ou elle habite.<br \/>\n<img loading=\"lazy\" src=\"http:\/\/www.theadubelaar.nl\/weblog\/wp-content\/uploads\/2010\/10\/P1010771-kopie-221x300.jpg\" alt=\"P1010771 - kopie\" title=\"P1010771 - kopie\" width=\"221\" height=\"300\" class=\"alignright size-medium wp-image-1264\" srcset=\"http:\/\/www.theadubelaar.nl\/weblog\/wp-content\/uploads\/2010\/10\/P1010771-kopie-221x300.jpg 221w, http:\/\/www.theadubelaar.nl\/weblog\/wp-content\/uploads\/2010\/10\/P1010771-kopie.JPG 755w\" sizes=\"(max-width: 221px) 100vw, 221px\" \/><br \/>\n Les histoires de Thea Dubelaar sont tr\u00e8s diverses et pour tous les \u00e2ges depuis les plus jeunes jusqu\u2019aux ados, des histoires sensibles sur la vraie vie aussi bien que les histoires fantastique et des roman policiers. Elle aime l\u2019humour mais aussi la trag\u00e9die et on trouve dans ces livres des traces des trois pays o\u00f9 elle habite : les Pays Bas son pays natal, la France son pays d\u2019adoption et la Guadeloupe le pays natal  de son mari Maurice.<br \/>\nCeci donne  \u00e0 ses livres un ton et un style tr\u00e8s personnel et particulier.<\/p>\n<p>Pour des r\u00e9ponses \u00e0 tous vos questions<br \/>\nvous pouvez envoyer un mail \u00e0<\/p>\n<p><a href=\"mailto:i nfo@theadubelaar.nl\">info@theadubelaar.nl <\/a><\/p>\n<p><img loading=\"lazy\" src=\"http:\/\/www.theadubelaar.nl\/weblog\/wp-content\/uploads\/2010\/10\/reuzenleguaan1-300x197.jpg\" alt=\"reuzenleguaan[1]\" title=\"reuzenleguaan[1]\" width=\"300\" height=\"197\" class=\"alignleft size-medium wp-image-1270\" srcset=\"http:\/\/www.theadubelaar.nl\/weblog\/wp-content\/uploads\/2010\/10\/reuzenleguaan1-300x197.jpg 300w, http:\/\/www.theadubelaar.nl\/weblog\/wp-content\/uploads\/2010\/10\/reuzenleguaan1.jpg 380w\" sizes=\"(max-width: 300px) 100vw, 300px\" \/>B\u00e9b\u00e9 Iguane sur une branche du cachiman dans notre jardin \u00e0 Pointe Noire<\/p>\n<p>Pelicans sur un bateau en face de la maison<\/p>\n<p><img loading=\"lazy\" src=\"http:\/\/www.theadubelaar.nl\/weblog\/wp-content\/uploads\/2010\/10\/thea-met-fans-en-bromvlieger-kopie-300x199.jpg\" alt=\"thea met fans en bromvlieger - kopie\" title=\"thea met fans en bromvlieger - kopie\" width=\"300\" height=\"199\" class=\"alignright size-medium wp-image-1276\" srcset=\"http:\/\/www.theadubelaar.nl\/weblog\/wp-content\/uploads\/2010\/10\/thea-met-fans-en-bromvlieger-kopie-300x199.jpg 300w, http:\/\/www.theadubelaar.nl\/weblog\/wp-content\/uploads\/2010\/10\/thea-met-fans-en-bromvlieger-kopie.jpg 737w\" sizes=\"(max-width: 300px) 100vw, 300px\" \/><br \/>\n<img loading=\"lazy\" src=\"http:\/\/www.theadubelaar.nl\/weblog\/wp-content\/uploads\/2010\/10\/pelikanen-21-150x150.jpg\" alt=\"pelikanen-2[1]\" title=\"pelikanen-2[1]\" width=\"150\" height=\"150\" class=\"alignright size-thumbnail wp-image-1287\" \/>Thea Dubelaar pendant la pr\u00e9sentation d&#8217;un nouveau livre dans une librairie aux Pays Bas avec des fans<br \/>\n <img loading=\"lazy\" src=\"http:\/\/www.theadubelaar.nl\/weblog\/wp-content\/uploads\/2010\/10\/huisje-sneeuw1-300x225.jpg\" alt=\"huisje-sneeuw[1]\" title=\"huisje-sneeuw[1]\" width=\"300\" height=\"225\" class=\"alignleft size-medium wp-image-1267\" srcset=\"http:\/\/www.theadubelaar.nl\/weblog\/wp-content\/uploads\/2010\/10\/huisje-sneeuw1-300x225.jpg 300w, http:\/\/www.theadubelaar.nl\/weblog\/wp-content\/uploads\/2010\/10\/huisje-sneeuw1.jpg 333w\" sizes=\"(max-width: 300px) 100vw, 300px\" \/><br \/>\n <img loading=\"lazy\" src=\"http:\/\/www.theadubelaar.nl\/weblog\/wp-content\/uploads\/2010\/10\/thea-maurice1-150x150.jpg\" alt=\"thea-maurice[1]\" title=\"thea-maurice[1]\" width=\"150\" height=\"150\" class=\"alignright size-thumbnail wp-image-1292\" \/><\/p>\n<p>********************************* Notre maison en France en hiver *****************************************   Thea en Maurice \u00e0 l&#8217;Anse \u00e0 la barque *******************************************************<\/p>\n","protected":false},"excerpt":{"rendered":"<p>Bienvenue chez Thea Dubelaar Balzamont ************************************* *** Thea \u00e0 Saint Martin. Tous les enfants que j&#8217;ai rencontr\u00e9 \u00e0 Quartier Orl\u00e9ans, Marigot et Sandyground sont vraiment SUPER. Et les instituteurs sont extraordinaires aussi. Bref, j&#8217;ai vraiment aim\u00e9 d&#8217;\u00eatre avec vous tous pour partager des bons moments de lecture et d&#8217;\u00e9change. A bient\u00f4t j&#8217;esp\u00e8re . A l&#8217;\u00e9cole [&hellip;]<\/p>\n","protected":false},"author":1,"featured_media":0,"parent":0,"menu_order":0,"comment_status":"closed","ping_status":"closed","template":"","meta":[],"_links":{"self":[{"href":"http:\/\/www.theadubelaar.nl\/weblog\/index.php?rest_route=\/wp\/v2\/pages\/340"}],"collection":[{"href":"http:\/\/www.theadubelaar.nl\/weblog\/index.php?rest_route=\/wp\/v2\/pages"}],"about":[{"href":"http:\/\/www.theadubelaar.nl\/weblog\/index.php?rest_route=\/wp\/v2\/types\/page"}],"author":[{"embeddable":true,"href":"http:\/\/www.theadubelaar.nl\/weblog\/index.php?rest_route=\/wp\/v2\/users\/1"}],"replies":[{"embeddable":true,"href":"http:\/\/www.theadubelaar.nl\/weblog\/index.php?rest_route=%2Fwp%2Fv2%2Fcomments&post=340"}],"version-history":[{"count":68,"href":"http:\/\/www.theadubelaar.nl\/weblog\/index.php?rest_route=\/wp\/v2\/pages\/340\/revisions"}],"predecessor-version":[{"id":1671,"href":"http:\/\/www.theadubelaar.nl\/weblog\/index.php?rest_route=\/wp\/v2\/pages\/340\/revisions\/1671"}],"wp:attachment":[{"href":"http:\/\/www.theadubelaar.nl\/weblog\/index.php?rest_route=%2Fwp%2Fv2%2Fmedia&parent=340"}],"curies":[{"name":"wp","href":"https:\/\/api.w.org\/{rel}","templated":true}]}}